{"id":1477,"date":"2023-05-10T19:26:40","date_gmt":"2023-05-10T17:26:40","guid":{"rendered":"https:\/\/ciutatsvivibles.entrepobles.org\/entity\/demus\/"},"modified":"2023-05-19T13:53:00","modified_gmt":"2023-05-19T11:53:00","slug":"demus","status":"publish","type":"entity","link":"https:\/\/ciutatsvivibles.entrepobles.org\/es\/entidad\/demus\/","title":{"rendered":"Demus"},"content":{"rendered":"\n<p class=\"mg-pattern-paragraph-lead-00\" style=\"text-transform:none\">Somos una organizaci\u00f3n feminista peruana comprometida con la lucha por los derechos humanos y la igualdad de g\u00e9nero, con un enfoque intercultural e interseccional.<\/p>\n\n<p>La raz\u00f3n de ser de Demus es la defensa de los derechos humanos, en particular de los derechos sexuales y reproductivos, promoviendo su libre ejercicio y cuestionando el paradigma cultural hegem\u00f3nico sobre las mujeres y su sexualidad.<\/p>\n\n<figure class=\"wp-block-image size-large\"><img loading=\"lazy\" decoding=\"async\" width=\"1620\" height=\"1080\" src=\"https:\/\/ciutatsvivibles.entrepobles.org\/wp-content\/uploads\/2023\/05\/arcoiris-1620x1080.jpg\" alt=\"\" class=\"wp-image-1397\" srcset=\"https:\/\/ciutatsvivibles.entrepobles.org\/wp-content\/uploads\/2023\/05\/arcoiris-1620x1080.jpg 1620w, https:\/\/ciutatsvivibles.entrepobles.org\/wp-content\/uploads\/2023\/05\/arcoiris-768x512.jpg 768w, https:\/\/ciutatsvivibles.entrepobles.org\/wp-content\/uploads\/2023\/05\/arcoiris-1536x1024.jpg 1536w, https:\/\/ciutatsvivibles.entrepobles.org\/wp-content\/uploads\/2023\/05\/arcoiris-2048x1366.jpg 2048w\" sizes=\"auto, (max-width: 1620px) 100vw, 1620px\" \/><\/figure>\n\n<p>Trabajamos para promover una sociedad justa e igualitaria, donde el Estado garantice los derechos humanos, la igualdad de g\u00e9nero y el respeto a la soberan\u00eda de los cuerpos y territorios. Buscamos construir una sociedad libre de violencias como el patriarcado, el machismo, el racismo y los fundamentalismos, y resistir a la mercantilizaci\u00f3n de las relaciones humanas.<\/p>\n\n<p>Actualmente, el equipo de Demus est\u00e1 formado por diez personas, nueve mujeres y un hombre, que son profesionales del derecho, la psicolog\u00eda, el trabajo social y la comunicaci\u00f3n. Tenemos la convicci\u00f3n de que solo una intervenci\u00f3n integral puede generar cambios trascendentes que mejoren la vida de las personas. Por ello, en cada una de nuestras acciones trabajamos de forma exhaustiva e interdisciplinar.<\/p>\n\n<p><strong>Romper el silencio<\/strong><\/p>\n\n<p>El origen de la entidad se encuentra en 1987 en un grupo de j\u00f3venes abogadas que formaban parte de la organizaci\u00f3n Flora Trist\u00e1n y que desarrollaron un an\u00e1lisis cr\u00edtico del mundo del derecho. Su objetivo inicial era trabajar con las mujeres de los barrios populares de la ciudad de Lima. Uno de los mayores problemas que encuentran al principio es el silencio que prevalece en torno a la violencia que sufren las mujeres y la creencia de que se trata de un asunto privado.<\/p>\n\n<p>Desde Demus lo que se plantea es que el problema es la existencia de un sistema machista y patriarcal, y que es necesario cambiar la forma de abordar el tema de las violencias contra las mujeres. Se introduce el debate en la opini\u00f3n p\u00fablica y se promueven investigaciones, talleres y campa\u00f1as que nos han hecho crecer como entidad.<\/p>\n\n<p>En ese momento no hab\u00eda pol\u00edticas p\u00fablicas ni planes nacionales sobre la violencia machista. Por parte de las mujeres hubo una gran demanda de servicios y Demus iniciar\u00e1, por ejemplo, la primera l\u00ednea de atenci\u00f3n telef\u00f3nica para v\u00edctimas de violencia de g\u00e9nero o los talleres sobre prevenci\u00f3n primaria de la violencia. El objetivo es ofrecer herramientas a la comunidad para saber qu\u00e9 hacer ante los casos de violencia sexual c\u00f3mo prevenirlo, c\u00f3mo compartirlo y c\u00f3mo afrontarlo. El objetivo es que la comunidad responda de manera organizada a los casos de violencia y a su prevenci\u00f3n.<\/p>\n\n<p><strong>La lucha por la transformaci\u00f3n social<\/strong><\/p>\n\n<p>Para nosotras, el feminismo es un movimiento pol\u00edtico que busca la transformaci\u00f3n social poniendo fin a las relaciones injustas que existen hoy en d\u00eda. En el Per\u00fa, la desigualdad social es econ\u00f3mica, pol\u00edtica y tambi\u00e9n de g\u00e9nero.<\/p>\n\n<p>Cuestionamos el sistema cultural hegem\u00f3nico que oprime y mercantiliza cuerpos, sexualidades y territorios, proponiendo y luchando por una pol\u00edtica sexual feminista dentro de un Estado laico. Mantenemos un estrecho di\u00e1logo con los movimientos LGBTIQ+ y movimientos sociales, trabajando para garantizar el reconocimiento y la protecci\u00f3n de los derechos humanos de las mujeres y las personas que se identifican como tales, en su diversidad, especialmente de j\u00f3venes, ni\u00f1as, ind\u00edgenas, afroperuanas, lesbianas y trans.<\/p>\n\n<figure class=\"wp-block-image size-large\"><img loading=\"lazy\" decoding=\"async\" width=\"1620\" height=\"1080\" src=\"https:\/\/ciutatsvivibles.entrepobles.org\/wp-content\/uploads\/2023\/05\/mani2-1620x1080.jpg\" alt=\"\" class=\"wp-image-1399\" srcset=\"https:\/\/ciutatsvivibles.entrepobles.org\/wp-content\/uploads\/2023\/05\/mani2-1620x1080.jpg 1620w, https:\/\/ciutatsvivibles.entrepobles.org\/wp-content\/uploads\/2023\/05\/mani2-768x512.jpg 768w, https:\/\/ciutatsvivibles.entrepobles.org\/wp-content\/uploads\/2023\/05\/mani2-1536x1024.jpg 1536w, https:\/\/ciutatsvivibles.entrepobles.org\/wp-content\/uploads\/2023\/05\/mani2-2048x1365.jpg 2048w\" sizes=\"auto, (max-width: 1620px) 100vw, 1620px\" \/><\/figure>\n\n<p>Tenemos la convicci\u00f3n de que el feminismo debe responder a las necesidades de los colectivos m\u00e1s desfavorecidos. No necesitamos un feminismo acad\u00e9mico; debe estar conectado con lo comunitario. En Lima trabajamos principalmente en los sectores populares de la ciudad. Promovemos la autoorganizaci\u00f3n y la creaci\u00f3n de redes, buscando que las mujeres pierdan el miedo y se hagan o\u00edr al exigir sus derechos. En este sentido, la Red de Mujeres Organizadas de Carabayllo es un ejemplo de \u00e9xito que nos gustar\u00eda replicar en otros barrios de la ciudad.<\/p>\n\n<p><strong>Litigios estrat\u00e9gicos<\/strong><\/p>\n\n<p>En el \u00e1mbito de la defensa de los derechos humanos nos hemos caracterizado por la apuesta por los litigios estrat\u00e9gicos y, cuando en el Per\u00fa no encontramos justicia, acudimos a la Corte Interamericana de Derechos Humanos. De esta manera, hemos logrado avances en la jurisprudencia y que el Estado peruano cumpliera varias sentencias, especialmente las relacionadas con los derechos de las mujeres y del colectivo LGTBI.<\/p>\n\n<figure class=\"wp-block-image size-large\"><img loading=\"lazy\" decoding=\"async\" width=\"1620\" height=\"1080\" src=\"https:\/\/ciutatsvivibles.entrepobles.org\/wp-content\/uploads\/2023\/05\/taller-1620x1080.jpg\" alt=\"\" class=\"wp-image-1401\" srcset=\"https:\/\/ciutatsvivibles.entrepobles.org\/wp-content\/uploads\/2023\/05\/taller-1620x1080.jpg 1620w, https:\/\/ciutatsvivibles.entrepobles.org\/wp-content\/uploads\/2023\/05\/taller-768x512.jpg 768w, https:\/\/ciutatsvivibles.entrepobles.org\/wp-content\/uploads\/2023\/05\/taller-1536x1024.jpg 1536w, https:\/\/ciutatsvivibles.entrepobles.org\/wp-content\/uploads\/2023\/05\/taller-2048x1365.jpg 2048w\" sizes=\"auto, (max-width: 1620px) 100vw, 1620px\" \/><\/figure>\n\n<p>Lo que buscamos es la transformaci\u00f3n de las relaciones \u00edntimas, econ\u00f3micas, sociales y pol\u00edticas. Vivimos en un sistema que reproduce relaciones desiguales y debemos aprender a cuestionarlo. Las cosas no van a cambiar de un d\u00eda a otro, es una tarea a largo plazo, \u00a1pero hay que empezarla!<\/p>\n\n<p><strong>Un contexto hostil<\/strong><\/p>\n\n<p>Estamos trabajando en un contexto muy duro. Per\u00fa no ha superado las masacres de diciembre de 2022. No hay justicia y s\u00ed, en cambio, mucha impunidad. La tarea de las organizaciones de derechos humanos es muy dif\u00edcil y nos enfrentamos a una ola ultraconservadora y fundamentalista que quiere hacernos retroceder en los derechos b\u00e1sicos.<\/p>\n\n<p>Para nosotras, en este momento, la solidaridad internacional es muy importante. Nos ayuda a no encontrarnos solas y aisladas del resto del mundo y a sentirnos un poco m\u00e1s protegidas ante posibles represalias. En el Per\u00fa, el respeto por las personas, los movimientos y las propias instituciones del Estado no est\u00e1 para nada garantizado. El escenario es muy complejo, pero seguimos trabajando y resistiendo todo lo que podemos.<\/p>\n","protected":false},"excerpt":{"rendered":"<p>Somos una organizaci\u00f3n feminista peruana comprometida con la lucha por los derechos humanos y la igualdad de g\u00e9nero, con un enfoque intercultural e interseccional. La raz\u00f3n de ser de Demus es la defensa de los derechos humanos, en particular de los derechos sexuales y reproductivos, promoviendo su libre ejercicio y cuestionando el paradigma cultural hegem\u00f3nico [&hellip;]<\/p>\n","protected":false},"author":2,"featured_media":0,"template":"","label":[88,97,99,101],"mainline":[107],"scope":[112,113],"class_list":{"0":"post-1477","1":"entity","2":"type-entity","3":"status-publish","5":"label-defensa-de-los-derechos-lgtbiq","6":"label-participacion-comunitaria","7":"label-soporte-mutuo","8":"label-violencias","9":"mainline-feminismos","10":"scope-barrio","11":"scope-ciudad","12":"entry"},"acf":[],"_links":{"self":[{"href":"https:\/\/ciutatsvivibles.entrepobles.org\/es\/wp-json\/wp\/v2\/entity\/1477","targetHints":{"allow":["GET"]}}],"collection":[{"href":"https:\/\/ciutatsvivibles.entrepobles.org\/es\/wp-json\/wp\/v2\/entity"}],"about":[{"href":"https:\/\/ciutatsvivibles.entrepobles.org\/es\/wp-json\/wp\/v2\/types\/entity"}],"author":[{"embeddable":true,"href":"https:\/\/ciutatsvivibles.entrepobles.org\/es\/wp-json\/wp\/v2\/users\/2"}],"version-history":[{"count":1,"href":"https:\/\/ciutatsvivibles.entrepobles.org\/es\/wp-json\/wp\/v2\/entity\/1477\/revisions"}],"predecessor-version":[{"id":1478,"href":"https:\/\/ciutatsvivibles.entrepobles.org\/es\/wp-json\/wp\/v2\/entity\/1477\/revisions\/1478"}],"wp:attachment":[{"href":"https:\/\/ciutatsvivibles.entrepobles.org\/es\/wp-json\/wp\/v2\/media?parent=1477"}],"wp:term":[{"taxonomy":"label","embeddable":true,"href":"https:\/\/ciutatsvivibles.entrepobles.org\/es\/wp-json\/wp\/v2\/label?post=1477"},{"taxonomy":"mainline","embeddable":true,"href":"https:\/\/ciutatsvivibles.entrepobles.org\/es\/wp-json\/wp\/v2\/mainline?post=1477"},{"taxonomy":"scope","embeddable":true,"href":"https:\/\/ciutatsvivibles.entrepobles.org\/es\/wp-json\/wp\/v2\/scope?post=1477"}],"curies":[{"name":"wp","href":"https:\/\/api.w.org\/{rel}","templated":true}]}}